{"id":19160,"date":"2020-03-18T12:03:26","date_gmt":"2020-03-18T16:03:26","guid":{"rendered":"https:\/\/www.carms.ca\/?page_id=19160"},"modified":"2020-07-31T15:53:00","modified_gmt":"2020-07-31T19:53:00","slug":"cycle-de-2021","status":"publish","type":"page","link":"https:\/\/www.carms.ca\/fr\/cycle-de-2021\/","title":{"rendered":"Mises \u00e0 jour pour le cycle de jumelage de 2021"},"content":{"rendered":"<div class=\"wpb-content-wrapper\">[vc_row][vc_column][vc_column_text css=\u00a0\u00bb.vc_custom_1584547360556{margin-bottom: 0px !important;}\u00a0\u00bb]\n<h3>Nous collaborons \u00e9troitement avec nos partenaires de la collectivit\u00e9 de l\u2019enseignement m\u00e9dical au Canada pendant la pand\u00e9mie du COVID-19 et nous sommes engag\u00e9s \u00e0 partager des nouvelles et des informations importantes concernant le jumelage lors de cette situation constamment en \u00e9volution.<\/h3>\n[\/vc_column_text][mk_padding_divider][\/vc_column][\/vc_row][vc_row][vc_column][vc_tta_accordion color=\u00a0\u00bbpeacoc\u00a0\u00bb spacing=\u00a0\u00bb2&Prime; active_section=\u00a0\u00bbh\u00a0\u00bb collapsible_all=\u00a0\u00bbtrue\u00a0\u00bb][vc_tta_section title=\u00a0\u00bbCalendrier et entrevues pour le jumelage R-1 de 2021&Prime; tab_id=\u00a0\u00bb1588002862898-06a990e1-0877&Prime;][vc_column_text css=\u00a0\u00bb.vc_custom_1596225173180{margin-bottom: 0px !important;}\u00a0\u00bb]<em>31 juiillet 2020<\/em><\/p>\n<div>\n<p>Communiqu\u00e9 de presse de l&rsquo;AFMC :<\/p>\n<\/div>\n<div><\/div>\n<div>\n<p><strong><a href=\"https:\/\/afmc.ca\/fr\/node\/386\" target=\"_blank\" rel=\"noopener noreferrer\">Confirmation de la date du jumelage des r\u00e9sidents pour 2021<\/a><\/strong><\/p>\n<p>&nbsp;<\/p>\n<\/div>\n<div><\/div>\n<div><strong>OTTAWA, ONTARIO, le 31 juillet 2020<\/strong> \u2013 Aujourd&rsquo;hui, l&rsquo;AFMC a finalis\u00e9 le calendrier du jumelage R-1 pour 2021. La date choisie pour le jumelage est le 20 avril 2021.<\/div>\n<p>Voici les dates cl\u00e9s du calendrier de jumelage :<\/p>\n<ul>\n<li>Le lundi 2 novembre 2020 : D\u00e9but de la p\u00e9riode de d\u00e9p\u00f4t des candidatures pour le jumelage R-1<\/li>\n<li>Le lundi 8 f\u00e9vrier 2021 : Date limite de d\u00e9p\u00f4t des candidatures<\/li>\n<li>Du lundi 8 mars au dimanche 28 mars : P\u00e9riode des entrevues \u00e0 l\u2019\u00e9chelle nationale<\/li>\n<li>Le mardi 20 avril 2021 : 1er tour du jumelage<\/li>\n<li>Le jeudi 20 mai 2021 : 2e tour du jumelage<\/li>\n<\/ul>\n<p>L&rsquo;AFMC tient \u00e0 remercier les membres de son Comit\u00e9 sur le jumelage des r\u00e9sidents (Comit\u00e9 de l\u2019AFMC sur le jumelage des r\u00e9sidents \u2013 CAJR) qui ont travaill\u00e9 sans rel\u00e2che sur le calendrier comprim\u00e9 et ont collabor\u00e9 avec les repr\u00e9sentants du milieu de l\u2019\u00e9ducation m\u00e9dicale pour parvenir \u00e0 un consensus. Le CAJR se compose de repr\u00e9sentants des doyens des facult\u00e9s de m\u00e9decine, des doyens des \u00c9tudes m\u00e9dicales pr\u00e9doctorales et postdoctorales, des doyens des Affaires \u00e9tudiantes, de membres de la F\u00e9d\u00e9ration des \u00e9tudiants et des \u00e9tudiantes en m\u00e9decine du Canada, de la F\u00e9d\u00e9ration des m\u00e9decins r\u00e9sidents du Qu\u00e9bec, de la F\u00e9d\u00e9ration m\u00e9dicale \u00e9tudiante du Qu\u00e9bec, de M\u00e9decins r\u00e9sidents du Canada et de repr\u00e9sentants du Service canadien de jumelage des r\u00e9sidents.[\/vc_column_text][vc_separator][vc_column_text css=\u00a0\u00bb.vc_custom_1590589914804{margin-bottom: 0px !important;}\u00a0\u00bb]<em>4 mai 2020<\/em><\/p>\n<div>Communiqu\u00e9 de presse de l&rsquo;AFMC :<\/div>\n<div><\/div>\n<div><strong><a href=\"https:\/\/afmc.ca\/fr\/node\/357\" target=\"_blank\" rel=\"noopener noreferrer\">D\u00e9cision de l\u2019AFMC concernant le jumelage R-1 de 2021<\/a><\/strong><\/div>\n<p><strong>OTTAWA, ONTARIO, le 4 mai 2020<\/strong>\u00a0\u2013 D\u00e8s le d\u00e9but mars 2020, les \u00e9tudiants en m\u00e9decine qui effectuaient des stages cliniques ont d\u00fb cesser leurs activit\u00e9s en raison de la pand\u00e9mie de COVID-19. Les \u00e9tudiants de la promotion 2021 reprendront les stages cliniques apr\u00e8s avoir manqu\u00e9 jusqu&rsquo;\u00e0 4 mois d&rsquo;externat. Cette situation aura d\u2019importantes r\u00e9percussions sur la derni\u00e8re ann\u00e9e d\u2019\u00e9tudes m\u00e9dicales. Le principal enjeu est la capacit\u00e9 pour les \u00e9tudiants d&rsquo;acqu\u00e9rir les comp\u00e9tences requises dans les disciplines de base et de b\u00e9n\u00e9ficier d\u2019un acc\u00e8s suffisant aux stages \u00e0 option dans la facult\u00e9 d&rsquo;attache ou dans une facult\u00e9 d&rsquo;accueil pour leur permettre de faire un choix de carri\u00e8re \u00e9clair\u00e9. Dans cette optique, il nous semble n\u00e9cessaire de condenser le calendrier des processus de jumelage R-1 afin de veiller \u00e0 ce que les \u00e9tudiants aient b\u00e9n\u00e9fici\u00e9 d&rsquo;une exposition raisonnable aux diff\u00e9rentes disciplines avant de postuler pour un programme de r\u00e9sidence qui d\u00e9butera le 1er juillet 2021 pour les dipl\u00f4m\u00e9s.<\/p>\n<p>Les membres du Comit\u00e9 de l&rsquo;AFMC sur le jumelage des r\u00e9sidents (CAJR) se r\u00e9unissent r\u00e9guli\u00e8rement pour travailler \u00e0 l\u2019\u00e9laboration d\u2019un calendrier condens\u00e9. Le CAJR se compose des repr\u00e9sentants des doyens des facult\u00e9s de m\u00e9decine, des doyens des \u00c9tudes m\u00e9dicales pr\u00e9docotorales et postdoctorales, des doyens des Affaires \u00e9tudiantes, de la F\u00e9d\u00e9ration des \u00e9tudiants et des \u00e9tudiantes en m\u00e9decine du Canada (FEMC), de la F\u00e9d\u00e9ration des m\u00e9decins r\u00e9sidents du Qu\u00e9bec, de la F\u00e9d\u00e9ration m\u00e9dicale \u00e9tudiante du Qu\u00e9bec, de M\u00e9decins r\u00e9sidents du Canada et de CaRMS. Tous les membres du CAJR ont eu l&rsquo;occasion de consulter le groupe qu&rsquo;ils repr\u00e9sentent. Le pr\u00e9sident du Conseil d&rsquo;administration de l&rsquo;AFMC, le Dr David Anderson, ainsi que le pr\u00e9sident du Comit\u00e9 permanent de l\u2019AFMC sur l\u2019\u00c9ducation, le Dr Preston Smith, ont jou\u00e9 un r\u00f4le actif et ont \u00e9galement consult\u00e9 les pr\u00e9sidents des d\u00e9partements de m\u00e9decine familiale, les directeurs des programmes de m\u00e9decine familiale et les pr\u00e9sidents des facult\u00e9s de m\u00e9decine.<\/p>\n<p>Les membres du Conseil d\u2019administration de l\u2019AFMC ont pris les d\u00e9cisions suivantes concernant le jumelage R-1 de 2021 :<\/p>\n<ul>\n<li><span lang=\"FR-CA\" xml:lang=\"FR-CA\">Les entrevues se d\u00e9rouleront sous forme virtuelle, y compris les entrevues des candidats locaux.<\/span><\/li>\n<\/ul>\n<ul>\n<li><span lang=\"FR-CA\" xml:lang=\"FR-CA\">Calendrier du jumelage\u00a0:<\/span>\n<ul>\n<li><span lang=\"FR-CA\" xml:lang=\"FR-CA\">Dernier jour pour postuler\u00a0: le 7 f\u00e9vrier 2021<\/span><\/li>\n<li><span lang=\"FR-CA\" xml:lang=\"FR-CA\">P\u00e9riode d\u2019examen du dossier\u00a0: du 8 f\u00e9vrier au 5 mars 2021<\/span><\/li>\n<li><span lang=\"FR-CA\" xml:lang=\"FR-CA\">P\u00e9riode d\u2019entrevue virtuelle\u00a0: du 8 au 28 mars 2021<\/span><\/li>\n<li><span lang=\"FR-CA\" xml:lang=\"FR-CA\">Le jour du jumelage du deuxi\u00e8me tour a \u00e9t\u00e9 fix\u00e9 au plus tard le\u00a0: 18 mai 2021<\/span><\/li>\n<\/ul>\n<\/li>\n<\/ul>\n<p>Le CAJR a identifi\u00e9 des possibilit\u00e9s d&rsquo;am\u00e9lioration des processus qui aideront tous ceux qui participent aux activit\u00e9s de jumelage. L&rsquo;AFMC travaillera avec nos facult\u00e9s et nos partenaires pour s&rsquo;assurer que les am\u00e9liorations apport\u00e9es aux processus favoriseront la r\u00e9ussite du jumelage R-1 pour 2021.<\/p>\n<p>D\u00e8s que nous aurons du nouveau concernant le jumelage R-1 de 2020, nous vous le dirons. Nous remercions tout le milieu de l&rsquo;\u00e9ducation m\u00e9dicale pour l&rsquo;engagement et la souplesse d\u00e9montr\u00e9s en cette p\u00e9riode difficile.[\/vc_column_text][\/vc_tta_section][vc_tta_section title=\u00a0\u00bbCalendriers et entrevues pour les jumelages sp\u00e9cialis\u00e9s de 2021&Prime; tab_id=\u00a0\u00bb1588002786701-47dbdec8-a9ad\u00a0\u00bb][vc_column_text css=\u00a0\u00bb.vc_custom_1590589856137{margin-bottom: 0px !important;}\u00a0\u00bb]<em>Le 26 mai 2020<\/em><\/p>\n<p>Communiqu\u00e9 de presse de l\u2019AFMC\u00a0:<\/p>\n<p><strong><a href=\"https:\/\/afmc.ca\/fr\/node\/362\">Entrevues virtuelles pour l\u2019\u00e9dition\u00a02021 du jumelage des sp\u00e9cialit\u00e9s m\u00e9dicales, du jumelage des sp\u00e9cialit\u00e9s p\u00e9diatriques et du jumelage de m\u00e9decine familiale\/comp\u00e9tences avanc\u00e9es<\/a><\/strong><\/p>\n<p><span lang=\"FR-CA\" xml:lang=\"FR-CA\"><strong>OTTAWA, ONTARIO, le 26 mai 2020<\/strong>\u00a0\u2013\u00a0Les membres du Conseil d&rsquo;administration de l&rsquo;Association des facult\u00e9s de m\u00e9decine du Canada ont d\u00e9cid\u00e9 que toutes les entrevues pour l\u2019\u00e9dition 2021 du jumelage des sp\u00e9cialit\u00e9s m\u00e9dicales (JSM), du jumelage des sp\u00e9cialit\u00e9s p\u00e9diatriques (JSP) et du jumelage de m\u00e9decine familiale\/comp\u00e9tences avanc\u00e9es (MF\/CA) se d\u00e9rouleraient sous forme virtuelle, y compris les entrevues des candidats locaux.\u00a0<\/span><\/p>\n<p><span lang=\"FR-CA\" xml:lang=\"FR-CA\">Apr\u00e8s avoir men\u00e9 une vaste consultation, le Comit\u00e9 de l\u2019AFMC sur le jumelage des r\u00e9sidents (CAJR) a d\u00e9cid\u00e9 de ne pas modifier le calendrier de jumelage des sursp\u00e9cialit\u00e9s approuv\u00e9 pr\u00e9c\u00e9demment<\/span><\/p>\n<p><span lang=\"FR-CA\" xml:lang=\"FR-CA\">Les dates rep\u00e8res cl\u00e9s du calendrier de jumelage\u00a0demeureront comme suit\u00a0:<\/span><\/p>\n<p><strong><span lang=\"FR-CA\" xml:lang=\"FR-CA\">Jumelage des sp\u00e9cialit\u00e9s m\u00e9dicales<\/span><\/strong><\/p>\n<p><span lang=\"FR-CA\" xml:lang=\"FR-CA\">Date limite d\u2019assignation des candidatures et des documents : le 26 ao\u00fbt 2020<\/span><\/p>\n<p><span lang=\"FR-CA\" xml:lang=\"FR-CA\">Jour du jumelage\u00a0: le 4 novembre 2020<\/span><\/p>\n<p><strong><span lang=\"FR-CA\" xml:lang=\"FR-CA\">Jumelage des sp\u00e9cialit\u00e9s p\u00e9diatriques<\/span><\/strong><\/p>\n<p><span lang=\"FR-CA\" xml:lang=\"FR-CA\">Date limite d\u2019assignation des candidatures et des documents : le 9 septembre 2020<\/span><\/p>\n<p><span lang=\"FR-CA\" xml:lang=\"FR-CA\">Jour du jumelage\u00a0: le 8 novembre 2020<\/span><\/p>\n<p><strong><span lang=\"FR-CA\" xml:lang=\"FR-CA\">Jumelage de m\u00e9decine familiale\/comp\u00e9tences avanc\u00e9es<\/span><\/strong><\/p>\n<p><span lang=\"FR-CA\" xml:lang=\"FR-CA\">Date limite d\u2019assignation des candidatures et des documents : le 16 septembre 2020<\/span><\/p>\n<p><span lang=\"FR-CA\" xml:lang=\"FR-CA\">Jour du jumelage\u00a0: le 16 d\u00e9cembre 2020<\/span><\/p>\n<p><span lang=\"FR-CA\" xml:lang=\"FR-CA\">Les membres du Comit\u00e9 de l\u2019AFMC sur le jumelage des r\u00e9sidents (CAJR) se sont r\u00e9unis r\u00e9guli\u00e8rement pour examiner tous les calendriers du jumelage de 2021. Le CAJR est compos\u00e9 de repr\u00e9sentants des doyens des facult\u00e9s de m\u00e9decine, des doyens des \u00c9tudes postdoctorales et des \u00c9tudes pr\u00e9doctorales, des doyens des Affaires \u00e9tudiantes, de la F\u00e9d\u00e9ration des \u00e9tudiants et des \u00e9tudiantes en m\u00e9decine du Canada, de la F\u00e9d\u00e9ration des m\u00e9decins r\u00e9sidents du Qu\u00e9bec, de la F\u00e9d\u00e9ration m\u00e9dicale \u00e9tudiante du Qu\u00e9bec, de M\u00e9decins r\u00e9sidents du Canada et du Service canadien de jumelage des r\u00e9sidents.<\/span><\/p>\n<p><span lang=\"FR-CA\" xml:lang=\"FR-CA\">Merci \u00e0 tous les membres du milieu de l&rsquo;\u00e9ducation m\u00e9dicale pour l&rsquo;engagement et la souplesse extr\u00eames dont ils font preuve en cette p\u00e9riode difficile.<\/span>[\/vc_column_text][\/vc_tta_section][\/vc_tta_accordion][\/vc_column][\/vc_row]\n<\/div>","protected":false},"excerpt":{"rendered":"<p>[vc_row][vc_column][vc_column_text css=\u00a0\u00bb.vc_custom_1584547360556{margin-bottom: 0px !important;}\u00a0\u00bb] Nous collaborons \u00e9troitement avec nos partenaires de la collectivit\u00e9 de l\u2019enseignement m\u00e9dical au Canada pendant la pand\u00e9mie du COVID-19 et nous sommes engag\u00e9s \u00e0 partager des nouvelles et des informations importantes concernant le jumelage lors de cette situation constamment en \u00e9volution. [\/vc_column_text][mk_padding_divider][\/vc_column][\/vc_row][vc_row][vc_column][vc_tta_accordion color=\u00a0\u00bbpeacoc\u00a0\u00bb spacing=\u00a0\u00bb2&Prime; active_section=\u00a0\u00bbh\u00a0\u00bb collapsible_all=\u00a0\u00bbtrue\u00a0\u00bb][vc_tta_section title=\u00a0\u00bbCalendrier et entrevues pour le [&hellip;]<\/p>\n","protected":false},"author":5,"featured_media":0,"parent":0,"menu_order":0,"comment_status":"closed","ping_status":"closed","template":"","meta":{"_acf_changed":false,"footnotes":""},"class_list":["post-19160","page","type-page","status-publish","hentry"],"acf":{"subtitle":""},"yoast_head":"<!-- This site is optimized with the Yoast SEO plugin v27.3 - https:\/\/yoast.com\/product\/yoast-seo-wordpress\/ -->\n<title>Mises \u00e0 jour pour le cycle de jumelage de 2021 - CaRMS<\/title>\n<meta name=\"robots\" content=\"index, follow, max-snippet:-1, max-image-preview:large, max-video-preview:-1\" \/>\n<link rel=\"canonical\" href=\"https:\/\/www.carms.ca\/fr\/cycle-de-2021\/\" \/>\n<meta property=\"og:locale\" content=\"fr_FR\" \/>\n<meta property=\"og:type\" content=\"article\" \/>\n<meta property=\"og:title\" content=\"Mises \u00e0 jour pour le cycle de jumelage de 2021 - CaRMS\" \/>\n<meta property=\"og:description\" content=\"[vc_row][vc_column][vc_column_text css=\u00a0\u00bb.vc_custom_1584547360556{margin-bottom: 0px !important;}\u00a0\u00bb] Nous collaborons \u00e9troitement avec nos partenaires de la collectivit\u00e9 de l\u2019enseignement m\u00e9dical au Canada pendant la pand\u00e9mie du COVID-19 et nous sommes engag\u00e9s \u00e0 partager des nouvelles et des informations importantes concernant le jumelage lors de cette situation constamment en \u00e9volution. [\/vc_column_text][mk_padding_divider][\/vc_column][\/vc_row][vc_row][vc_column][vc_tta_accordion color=\u00a0\u00bbpeacoc\u00a0\u00bb spacing=\u00a0\u00bb2&Prime; active_section=\u00a0\u00bbh\u00a0\u00bb collapsible_all=\u00a0\u00bbtrue\u00a0\u00bb][vc_tta_section title=\u00a0\u00bbCalendrier et entrevues pour le [&hellip;]\" \/>\n<meta property=\"og:url\" content=\"https:\/\/www.carms.ca\/fr\/cycle-de-2021\/\" \/>\n<meta property=\"og:site_name\" content=\"CaRMS\" \/>\n<meta property=\"article:modified_time\" content=\"2020-07-31T19:53:00+00:00\" \/>\n<meta name=\"twitter:card\" content=\"summary_large_image\" \/>\n<meta name=\"twitter:label1\" content=\"Dur\u00e9e de lecture estim\u00e9e\" \/>\n\t<meta name=\"twitter:data1\" content=\"7 minutes\" \/>\n<script type=\"application\/ld+json\" class=\"yoast-schema-graph\">{\"@context\":\"https:\\\/\\\/schema.org\",\"@graph\":[{\"@type\":\"WebPage\",\"@id\":\"https:\\\/\\\/www.carms.ca\\\/fr\\\/cycle-de-2021\\\/\",\"url\":\"https:\\\/\\\/www.carms.ca\\\/fr\\\/cycle-de-2021\\\/\",\"name\":\"Mises \u00e0 jour pour le cycle de jumelage de 2021 - CaRMS\",\"isPartOf\":{\"@id\":\"https:\\\/\\\/www.carms.ca\\\/#website\"},\"datePublished\":\"2020-03-18T16:03:26+00:00\",\"dateModified\":\"2020-07-31T19:53:00+00:00\",\"breadcrumb\":{\"@id\":\"https:\\\/\\\/www.carms.ca\\\/fr\\\/cycle-de-2021\\\/#breadcrumb\"},\"inLanguage\":\"fr-FR\",\"potentialAction\":[{\"@type\":\"ReadAction\",\"target\":[\"https:\\\/\\\/www.carms.ca\\\/fr\\\/cycle-de-2021\\\/\"]}]},{\"@type\":\"BreadcrumbList\",\"@id\":\"https:\\\/\\\/www.carms.ca\\\/fr\\\/cycle-de-2021\\\/#breadcrumb\",\"itemListElement\":[{\"@type\":\"ListItem\",\"position\":1,\"name\":\"Accueil\",\"item\":\"https:\\\/\\\/www.carms.ca\\\/fr\\\/accueil-2\\\/\"},{\"@type\":\"ListItem\",\"position\":2,\"name\":\"Mises \u00e0 jour pour le cycle de jumelage de 2021\"}]},{\"@type\":\"WebSite\",\"@id\":\"https:\\\/\\\/www.carms.ca\\\/#website\",\"url\":\"https:\\\/\\\/www.carms.ca\\\/\",\"name\":\"CaRMS\",\"description\":\"\",\"potentialAction\":[{\"@type\":\"SearchAction\",\"target\":{\"@type\":\"EntryPoint\",\"urlTemplate\":\"https:\\\/\\\/www.carms.ca\\\/?s={search_term_string}\"},\"query-input\":{\"@type\":\"PropertyValueSpecification\",\"valueRequired\":true,\"valueName\":\"search_term_string\"}}],\"inLanguage\":\"fr-FR\"}]}<\/script>\n<!-- \/ Yoast SEO plugin. -->","yoast_head_json":{"title":"Mises \u00e0 jour pour le cycle de jumelage de 2021 - CaRMS","robots":{"index":"index","follow":"follow","max-snippet":"max-snippet:-1","max-image-preview":"max-image-preview:large","max-video-preview":"max-video-preview:-1"},"canonical":"https:\/\/www.carms.ca\/fr\/cycle-de-2021\/","og_locale":"fr_FR","og_type":"article","og_title":"Mises \u00e0 jour pour le cycle de jumelage de 2021 - CaRMS","og_description":"[vc_row][vc_column][vc_column_text css=\u00a0\u00bb.vc_custom_1584547360556{margin-bottom: 0px !important;}\u00a0\u00bb] Nous collaborons \u00e9troitement avec nos partenaires de la collectivit\u00e9 de l\u2019enseignement m\u00e9dical au Canada pendant la pand\u00e9mie du COVID-19 et nous sommes engag\u00e9s \u00e0 partager des nouvelles et des informations importantes concernant le jumelage lors de cette situation constamment en \u00e9volution. [\/vc_column_text][mk_padding_divider][\/vc_column][\/vc_row][vc_row][vc_column][vc_tta_accordion color=\u00a0\u00bbpeacoc\u00a0\u00bb spacing=\u00a0\u00bb2&Prime; active_section=\u00a0\u00bbh\u00a0\u00bb collapsible_all=\u00a0\u00bbtrue\u00a0\u00bb][vc_tta_section title=\u00a0\u00bbCalendrier et entrevues pour le [&hellip;]","og_url":"https:\/\/www.carms.ca\/fr\/cycle-de-2021\/","og_site_name":"CaRMS","article_modified_time":"2020-07-31T19:53:00+00:00","twitter_card":"summary_large_image","twitter_misc":{"Dur\u00e9e de lecture estim\u00e9e":"7 minutes"},"schema":{"@context":"https:\/\/schema.org","@graph":[{"@type":"WebPage","@id":"https:\/\/www.carms.ca\/fr\/cycle-de-2021\/","url":"https:\/\/www.carms.ca\/fr\/cycle-de-2021\/","name":"Mises \u00e0 jour pour le cycle de jumelage de 2021 - CaRMS","isPartOf":{"@id":"https:\/\/www.carms.ca\/#website"},"datePublished":"2020-03-18T16:03:26+00:00","dateModified":"2020-07-31T19:53:00+00:00","breadcrumb":{"@id":"https:\/\/www.carms.ca\/fr\/cycle-de-2021\/#breadcrumb"},"inLanguage":"fr-FR","potentialAction":[{"@type":"ReadAction","target":["https:\/\/www.carms.ca\/fr\/cycle-de-2021\/"]}]},{"@type":"BreadcrumbList","@id":"https:\/\/www.carms.ca\/fr\/cycle-de-2021\/#breadcrumb","itemListElement":[{"@type":"ListItem","position":1,"name":"Accueil","item":"https:\/\/www.carms.ca\/fr\/accueil-2\/"},{"@type":"ListItem","position":2,"name":"Mises \u00e0 jour pour le cycle de jumelage de 2021"}]},{"@type":"WebSite","@id":"https:\/\/www.carms.ca\/#website","url":"https:\/\/www.carms.ca\/","name":"CaRMS","description":"","potentialAction":[{"@type":"SearchAction","target":{"@type":"EntryPoint","urlTemplate":"https:\/\/www.carms.ca\/?s={search_term_string}"},"query-input":{"@type":"PropertyValueSpecification","valueRequired":true,"valueName":"search_term_string"}}],"inLanguage":"fr-FR"}]}},"publishpress_future_workflow_manual_trigger":{"enabledWorkflows":[]},"_links":{"self":[{"href":"https:\/\/www.carms.ca\/fr\/wp-json\/wp\/v2\/pages\/19160","targetHints":{"allow":["GET"]}}],"collection":[{"href":"https:\/\/www.carms.ca\/fr\/wp-json\/wp\/v2\/pages"}],"about":[{"href":"https:\/\/www.carms.ca\/fr\/wp-json\/wp\/v2\/types\/page"}],"author":[{"embeddable":true,"href":"https:\/\/www.carms.ca\/fr\/wp-json\/wp\/v2\/users\/5"}],"replies":[{"embeddable":true,"href":"https:\/\/www.carms.ca\/fr\/wp-json\/wp\/v2\/comments?post=19160"}],"version-history":[{"count":13,"href":"https:\/\/www.carms.ca\/fr\/wp-json\/wp\/v2\/pages\/19160\/revisions"}],"predecessor-version":[{"id":22324,"href":"https:\/\/www.carms.ca\/fr\/wp-json\/wp\/v2\/pages\/19160\/revisions\/22324"}],"wp:attachment":[{"href":"https:\/\/www.carms.ca\/fr\/wp-json\/wp\/v2\/media?parent=19160"}],"curies":[{"name":"wp","href":"https:\/\/api.w.org\/{rel}","templated":true}]}}