{"id":2907,"date":"2018-05-17T11:20:27","date_gmt":"2018-05-17T15:20:27","guid":{"rendered":"http:\/\/carms2017.wpengine.com\/?page_id=2907"},"modified":"2023-06-07T09:15:33","modified_gmt":"2023-06-07T13:15:33","slug":"possibilites-de-carrieres","status":"publish","type":"page","link":"https:\/\/www.carms.ca\/fr\/a-propos-de\/possibilites-de-carrieres\/","title":{"rendered":"Possibilit\u00e9s de carri\u00e8res"},"content":{"rendered":"<div class=\"wpb-content-wrapper\">[mk_page_section layout_structure=\u00a0\u00bbhalf_left\u00a0\u00bb bg_image=\u00a0\u00bbhttp:\/\/carms.thedev.ca\/wp-content\/uploads\/2018\/04\/careers-header.jpg\u00a0\u00bb bg_color=\u00a0\u00bb#f2f6f9&Prime; padding_top=\u00a0\u00bb50&Prime; padding_bottom=\u00a0\u00bb50&Prime; el_class=\u00a0\u00bblayout-half-image\u00a0\u00bb][vc_column][vc_column_text css=\u00a0\u00bb.vc_custom_1686143732241{margin-top: 50px !important;margin-bottom: 50px !important;}\u00a0\u00bb]\n<h2>L\u2019\u00e9quipe de CaRMS<\/h2>\n<p>CaRMs joue un r\u00f4le essentiel dans le syst\u00e8me de l\u2019enseignement m\u00e9dical au Canada.<\/p>\n<p>Un organisme \u00e0 but non lucratif, nous avons \u00e9t\u00e9 cr\u00e9\u00e9s en 1970 afin de rendre plus transparent et objectif le processus de candidature et de jumelage pour la formation postdoctorale \u00e0 titre de r\u00e9sident. Pour remplir ce mandat, nous collaborons \u00e9troitement avec la collectivit\u00e9 de l\u2019enseignement m\u00e9dical, les facult\u00e9s de m\u00e9decine, les \u00e9tudiants et les r\u00e9sidents pour offrir la plateforme num\u00e9rique, l\u2019algorithme math\u00e9matique et l\u2019expertise afin de jumeler les \u00e9tudiants avec les programmes de r\u00e9sidence n\u00e9cessaires pour exercer la m\u00e9decine au Canada.[\/vc_column_text][mk_button dimension=\u00a0\u00bbflat\u00a0\u00bb corner_style=\u00a0\u00bbfull_rounded\u00a0\u00bb size=\u00a0\u00bbmedium\u00a0\u00bb letter_spacing=\u00a0\u00bb1&Prime; url=\u00a0\u00bb\/fr\/a-propos-de\/possibilites-de-carrieres\/joignez-vous-a-notre-equipe\/\u00a0\u00bb el_class=\u00a0\u00bbbtn btn-blue btn-uppercase\u00a0\u00bb bg_color=\u00a0\u00bb#1a9ed5&Prime; btn_hover_bg=\u00a0\u00bb#ffffff\u00a0\u00bb btn_hover_txt_color=\u00a0\u00bb#1a9ed5&Prime;]Joignez-vous \u00e0 notre \u00e9quipe[\/mk_button][\/vc_column][\/mk_page_section][vc_row fullwidth=\u00a0\u00bbtrue\u00a0\u00bb fullwidth_content=\u00a0\u00bbfalse\u00a0\u00bb el_class=\u00a0\u00bbbackground-purple-gradient\u00a0\u00bb][vc_column][vc_column_text el_class=\u00a0\u00bbwhite\u00a0\u00bb css=\u00a0\u00bb.vc_custom_1526567614503{margin-bottom: 0px !important;}\u00a0\u00bb]\n<h2 class=\"h1\" style=\"text-align: center;\">Notre occasion<\/h2>\n<p class=\"h2\" style=\"text-align: center;\">Si vous souhaitez travailler dans un milieu dynamique et coop\u00e9ratif qui stimule et met au d\u00e9fi les employ\u00e9s, c\u2019est le milieu qu\u2019il vous faut. Vous aurez\u00a0la possibilit\u00e9 de travailler \u00e0 des projets innovateurs et stimulants qui contribuent directement \u00e0 la r\u00e9ussite de notre organisation, nos clients et nos intervenants. Par l\u2019entremise de votre travail, vous aiderez \u00e0 soutenir le syst\u00e8me de sant\u00e9 de classe mondiale du Canada.<\/p>\n[\/vc_column_text][\/vc_column][\/vc_row][vc_row fullwidth=\u00a0\u00bbtrue\u00a0\u00bb fullwidth_content=\u00a0\u00bbfalse\u00a0\u00bb css=\u00a0\u00bb.vc_custom_1523558656543{padding-top: 50px !important;background-image: url(http:\/\/carms.thedev.ca\/wp-content\/uploads\/2018\/04\/faded-bg.jpg?id=1214) !important;background-position: center !important;background-repeat: no-repeat !important;background-size: cover !important;}\u00a0\u00bb el_class=\u00a0\u00bbteal-text\u00a0\u00bb][vc_column][vc_column_text css=\u00a0\u00bb.vc_custom_1526567868308{margin-bottom: 0px !important;}\u00a0\u00bb]\n<h2 class=\"h1\" style=\"text-align: center;\">Ce que nous offrons<\/h2>\n<p style=\"text-align: center;\">CaRMS est un organisme ax\u00e9 sur le service \u00e0 la client\u00e8le s\u2019appuyant sur une \u00e9quipe de professionnels d\u00e9vou\u00e9s pour assurer notre succ\u00e8s. Nous offrons l\u2019\u00e9galit\u00e9 des chances \u00e0 tous et nous nous engageons \u00e0 embaucher des employ\u00e9s professionnels de talent qui aiment le changement et qui sont pr\u00eats \u00e0 occuper un poste int\u00e9ressant et stimulant. En contrepartie, nous reconnaissons\u00a0l\u2019importance d\u2019offrir aux employ\u00e9s des occasions de perfectionnement professionnelles, un milieu de travail s\u00fbr et agr\u00e9able ainsi qu\u2019une r\u00e9mun\u00e9ration et des avantages sociaux concurrentiels.<\/p>\n[\/vc_column_text][vc_row_inner][vc_column_inner width=\u00a0\u00bb1\/2&Prime;][mk_icon_box icon=\u00a0\u00bbmk-icon-money\u00a0\u00bb title=\u00a0\u00bbSalaires concurrentiels\u00a0\u00bb text_size=\u00a0\u00bb28&Prime; font_weight=\u00a0\u00bb500&Prime; style=\u00a0\u00bbsimple_ultimate\u00a0\u00bb rounded_circle=\u00a0\u00bbtrue\u00a0\u00bb icon_color=\u00a0\u00bb#ffffff\u00a0\u00bb title_color=\u00a0\u00bb#215165&Prime; txt_color=\u00a0\u00bb#215165&Prime; el_class=\u00a0\u00bbicon-blue-bg\u00a0\u00bb]\n<p class=\"textbox\" dir=\"ltr\">Nos <strong>salaires concurrentiels en fonction du march\u00e9<\/strong> sont compl\u00e9t\u00e9s par des <strong>augmentations annuelles en fonction de la performance<\/strong>\u00a0et nos <strong>programmes compr\u00e9hensifs de reconnaissance et de prix pour les employ\u00e9s<\/strong>.<\/p>\n[\/mk_icon_box][mk_icon_box icon=\u00a0\u00bbmk-icon-users\u00a0\u00bb title=\u00a0\u00bbCulture organisationnelle\u00a0\u00bb text_size=\u00a0\u00bb28&Prime; font_weight=\u00a0\u00bb500&Prime; style=\u00a0\u00bbsimple_ultimate\u00a0\u00bb rounded_circle=\u00a0\u00bbtrue\u00a0\u00bb icon_color=\u00a0\u00bb#ffffff\u00a0\u00bb title_color=\u00a0\u00bb#215165&Prime; txt_color=\u00a0\u00bb#215165&Prime; el_class=\u00a0\u00bbicon-blue-bg\u00a0\u00bb]Nous avons un personnel engag\u00e9 et une culture organisationnelle qui font la promotion d\u2019activit\u00e9s mensuelles amusantes du <strong>comit\u00e9 social<\/strong> (y compris les quilles, les barbecues et les petits d\u00e9jeuners aux cr\u00eapes) et notre <strong>F\u00eate de No\u00ebl et nos \u00e9v\u00e8nements de consolidation d\u2019\u00e9quipe<\/strong> nous aident \u00e0 travailler mieux en \u00e9quipe. Nous nous mettons au d\u00e9fi les uns les autres afin de soutenir nos initiatives de sant\u00e9 et bien-\u00eatre.[\/mk_icon_box][mk_icon_box icon=\u00a0\u00bbmk-moon-balance\u00a0\u00bb title=\u00a0\u00bb\u00c9quilibre travail-vie personnelle\u00a0\u00bb text_size=\u00a0\u00bb28&Prime; font_weight=\u00a0\u00bb500&Prime; style=\u00a0\u00bbsimple_ultimate\u00a0\u00bb rounded_circle=\u00a0\u00bbtrue\u00a0\u00bb icon_color=\u00a0\u00bb#ffffff\u00a0\u00bb title_color=\u00a0\u00bb#215165&Prime; txt_color=\u00a0\u00bb#215165&Prime; el_class=\u00a0\u00bbicon-blue-bg\u00a0\u00bb]Nous croyons qu\u2019il est important d\u2019aider les employ\u00e9s \u00e0 r\u00e9aliser un \u00e9quilibre entre le travail et la vie personnelle gr\u00e2ce \u00e0 un <strong>horaire de travail souple de 37,5 heures par semaine.<\/strong>[\/mk_icon_box][\/vc_column_inner][vc_column_inner width=\u00a0\u00bb1\/2&Prime;][mk_icon_box icon=\u00a0\u00bbmk-icon-heart\u00a0\u00bb title=\u00a0\u00bbAvantages sociaux exceptionnels\u00a0\u00bb text_size=\u00a0\u00bb28&Prime; font_weight=\u00a0\u00bb500&Prime; style=\u00a0\u00bbsimple_ultimate\u00a0\u00bb rounded_circle=\u00a0\u00bbtrue\u00a0\u00bb icon_color=\u00a0\u00bb#ffffff\u00a0\u00bb title_color=\u00a0\u00bb#215165&Prime; txt_color=\u00a0\u00bb#215165&Prime; el_class=\u00a0\u00bbicon-blue-bg\u00a0\u00bb]Les employ\u00e9s ont acc\u00e8s \u00e0 un <strong>r\u00e9gime de retraite \u00e0 cotisations d\u00e9termin\u00e9es parmi les meilleurs de l\u2019industrie, un r\u00e9gime d\u2019assurance-vie, ainsi que des r\u00e9gimes d\u2019assurance-maladie compl\u00e9mentaire, de soins dentaires, d\u2019assurance d\u2019invalidit\u00e9 de longue dur\u00e9e et de soins de la vue<\/strong>. Notre <strong>programme d\u2019assistance aux employ\u00e9s<\/strong> et <strong>compl\u00e9ment salarial<\/strong>\u00a0<b class=\"b1\">re<\/b><b class=\"b2\">latif<\/b><b class=\"b3\">\u00a0\u00e0\u00a0<\/b><b class=\"b4\">son<\/b><b class=\"b5\">\u00a0cong\u00e9\u00a0<\/b><b class=\"b4\">d<\/b><b class=\"b5\">e maternit\u00e9\u00a0<\/b>compl\u00e8te notre ensemble exceptionnel d\u2019avantages sociaux.[\/mk_icon_box][mk_icon_box icon=\u00a0\u00bbmk-icon-book\u00a0\u00bb title=\u00a0\u00bbApprentissage et d\u00e9veloppement\u00a0\u00bb text_size=\u00a0\u00bb28&Prime; font_weight=\u00a0\u00bb500&Prime; style=\u00a0\u00bbsimple_ultimate\u00a0\u00bb rounded_circle=\u00a0\u00bbtrue\u00a0\u00bb icon_color=\u00a0\u00bb#ffffff\u00a0\u00bb title_color=\u00a0\u00bb#215165&Prime; txt_color=\u00a0\u00bb#215165&Prime; el_class=\u00a0\u00bbicon-blue-bg\u00a0\u00bb]L\u2019apprentissage tout au long de la vie est important. C\u2019est pourquoi notre \u00e9quipe b\u00e9n\u00e9ficie <strong>d\u2019occasions de planification de la succession et de formation, du mentorat au travail<\/strong> et des <strong>fonds de d\u00e9veloppement personnel au montant de 500,00\u00a0$<\/strong>.[\/mk_icon_box][mk_icon_box icon=\u00a0\u00bbmk-icon-sun-o\u00a0\u00bb title=\u00a0\u00bbVacances g\u00e9n\u00e9reuses\u00a0\u00bb text_size=\u00a0\u00bb28&Prime; font_weight=\u00a0\u00bb500&Prime; style=\u00a0\u00bbsimple_ultimate\u00a0\u00bb rounded_circle=\u00a0\u00bbtrue\u00a0\u00bb icon_color=\u00a0\u00bb#ffffff\u00a0\u00bb title_color=\u00a0\u00bb#215165&Prime; txt_color=\u00a0\u00bb#215165&Prime; el_class=\u00a0\u00bbicon-blue-bg\u00a0\u00bb]Les employ\u00e9s commencent avec <strong>trois semaines de vacances pay\u00e9es<\/strong> et la <strong>fermeture du bureau pendant la p\u00e9riode des F\u00eates<\/strong> \u2014 parce que tout le monde a besoin de repos.[\/mk_icon_box][\/vc_column_inner][\/vc_row_inner][\/vc_column][\/vc_row][vc_row][vc_column][mk_padding_divider size=\u00a0\u00bb75&Prime;][vc_column_text css=\u00a0\u00bb.vc_custom_1526570328882{margin-bottom: 0px !important;}\u00a0\u00bb]\n<h2 class=\"h1\" style=\"text-align: center;\">Nos gens<\/h2>\n<p style=\"text-align: center;\">D\u00e9couvrez pourquoi les membres de notre \u00e9quipe sont passionn\u00e9s par CaRMS.<\/p>\n[\/vc_column_text][mk_testimonials style=\u00a0\u00bbboxed\u00a0\u00bb show_as=\u00a0\u00bbcolumn\u00a0\u00bb column=\u00a0\u00bb1&Prime; count=\u00a0\u00bb3&Prime; orderby=\u00a0\u00bbmenu_order\u00a0\u00bb text_color=\u00a0\u00bb#333333&Prime; author_color=\u00a0\u00bb#333333&Prime; skill_color=\u00a0\u00bb#333333&Prime; font_weight=\u00a0\u00bb300&Prime; font_style=\u00a0\u00bbnormal\u00a0\u00bb categories=\u00a0\u00bbcareers\u00a0\u00bb][\/vc_column][\/vc_row]\n<\/div>","protected":false},"excerpt":{"rendered":"<p>[mk_page_section layout_structure=\u00a0\u00bbhalf_left\u00a0\u00bb bg_image=\u00a0\u00bbhttp:\/\/carms.thedev.ca\/wp-content\/uploads\/2018\/04\/careers-header.jpg\u00a0\u00bb bg_color=\u00a0\u00bb#f2f6f9&Prime; padding_top=\u00a0\u00bb50&Prime; padding_bottom=\u00a0\u00bb50&Prime; el_class=\u00a0\u00bblayout-half-image\u00a0\u00bb][vc_column][vc_column_text css=\u00a0\u00bb.vc_custom_1686143732241{margin-top: 50px !important;margin-bottom: 50px !important;}\u00a0\u00bb] L\u2019\u00e9quipe de CaRMS CaRMs joue un r\u00f4le essentiel dans le syst\u00e8me de l\u2019enseignement m\u00e9dical au Canada. Un organisme \u00e0 but non lucratif, nous avons \u00e9t\u00e9 cr\u00e9\u00e9s en 1970 afin de rendre plus transparent et objectif le processus de candidature et de jumelage pour [&hellip;]<\/p>\n","protected":false},"author":7,"featured_media":0,"parent":1055,"menu_order":0,"comment_status":"closed","ping_status":"closed","template":"","meta":{"_acf_changed":false,"footnotes":""},"class_list":["post-2907","page","type-page","status-publish","hentry"],"acf":{"subtitle":""},"yoast_head":"<!-- This site is optimized with the Yoast SEO plugin v27.3 - https:\/\/yoast.com\/product\/yoast-seo-wordpress\/ -->\n<title>Possibilit\u00e9s de carri\u00e8res - CaRMS<\/title>\n<meta name=\"robots\" content=\"index, follow, max-snippet:-1, max-image-preview:large, max-video-preview:-1\" \/>\n<link rel=\"canonical\" href=\"https:\/\/www.carms.ca\/fr\/a-propos-de\/possibilites-de-carrieres\/\" \/>\n<meta property=\"og:locale\" content=\"fr_FR\" \/>\n<meta property=\"og:type\" content=\"article\" \/>\n<meta property=\"og:title\" content=\"Possibilit\u00e9s de carri\u00e8res - CaRMS\" \/>\n<meta property=\"og:description\" content=\"[mk_page_section layout_structure=\u00a0\u00bbhalf_left\u00a0\u00bb bg_image=\u00a0\u00bbhttp:\/\/carms.thedev.ca\/wp-content\/uploads\/2018\/04\/careers-header.jpg\u00a0\u00bb bg_color=\u00a0\u00bb#f2f6f9&Prime; padding_top=\u00a0\u00bb50&Prime; padding_bottom=\u00a0\u00bb50&Prime; el_class=\u00a0\u00bblayout-half-image\u00a0\u00bb][vc_column][vc_column_text css=\u00a0\u00bb.vc_custom_1686143732241{margin-top: 50px !important;margin-bottom: 50px !important;}\u00a0\u00bb] L\u2019\u00e9quipe de CaRMS CaRMs joue un r\u00f4le essentiel dans le syst\u00e8me de l\u2019enseignement m\u00e9dical au Canada. Un organisme \u00e0 but non lucratif, nous avons \u00e9t\u00e9 cr\u00e9\u00e9s en 1970 afin de rendre plus transparent et objectif le processus de candidature et de jumelage pour [&hellip;]\" \/>\n<meta property=\"og:url\" content=\"https:\/\/www.carms.ca\/fr\/a-propos-de\/possibilites-de-carrieres\/\" \/>\n<meta property=\"og:site_name\" content=\"CaRMS\" \/>\n<meta property=\"article:modified_time\" content=\"2023-06-07T13:15:33+00:00\" \/>\n<meta name=\"twitter:card\" content=\"summary_large_image\" \/>\n<meta name=\"twitter:label1\" content=\"Dur\u00e9e de lecture estim\u00e9e\" \/>\n\t<meta name=\"twitter:data1\" content=\"3 minutes\" \/>\n<script type=\"application\/ld+json\" class=\"yoast-schema-graph\">{\"@context\":\"https:\\\/\\\/schema.org\",\"@graph\":[{\"@type\":\"WebPage\",\"@id\":\"https:\\\/\\\/www.carms.ca\\\/fr\\\/a-propos-de\\\/possibilites-de-carrieres\\\/\",\"url\":\"https:\\\/\\\/www.carms.ca\\\/fr\\\/a-propos-de\\\/possibilites-de-carrieres\\\/\",\"name\":\"Possibilit\u00e9s de carri\u00e8res - CaRMS\",\"isPartOf\":{\"@id\":\"https:\\\/\\\/www.carms.ca\\\/#website\"},\"datePublished\":\"2018-05-17T15:20:27+00:00\",\"dateModified\":\"2023-06-07T13:15:33+00:00\",\"breadcrumb\":{\"@id\":\"https:\\\/\\\/www.carms.ca\\\/fr\\\/a-propos-de\\\/possibilites-de-carrieres\\\/#breadcrumb\"},\"inLanguage\":\"fr-FR\",\"potentialAction\":[{\"@type\":\"ReadAction\",\"target\":[\"https:\\\/\\\/www.carms.ca\\\/fr\\\/a-propos-de\\\/possibilites-de-carrieres\\\/\"]}]},{\"@type\":\"BreadcrumbList\",\"@id\":\"https:\\\/\\\/www.carms.ca\\\/fr\\\/a-propos-de\\\/possibilites-de-carrieres\\\/#breadcrumb\",\"itemListElement\":[{\"@type\":\"ListItem\",\"position\":1,\"name\":\"Accueil\",\"item\":\"https:\\\/\\\/www.carms.ca\\\/fr\\\/accueil-2\\\/\"},{\"@type\":\"ListItem\",\"position\":2,\"name\":\"\u00c0 propos de\",\"item\":\"https:\\\/\\\/www.carms.ca\\\/fr\\\/a-propos-de\\\/\"},{\"@type\":\"ListItem\",\"position\":3,\"name\":\"Possibilit\u00e9s de carri\u00e8res\"}]},{\"@type\":\"WebSite\",\"@id\":\"https:\\\/\\\/www.carms.ca\\\/#website\",\"url\":\"https:\\\/\\\/www.carms.ca\\\/\",\"name\":\"CaRMS\",\"description\":\"\",\"potentialAction\":[{\"@type\":\"SearchAction\",\"target\":{\"@type\":\"EntryPoint\",\"urlTemplate\":\"https:\\\/\\\/www.carms.ca\\\/?s={search_term_string}\"},\"query-input\":{\"@type\":\"PropertyValueSpecification\",\"valueRequired\":true,\"valueName\":\"search_term_string\"}}],\"inLanguage\":\"fr-FR\"}]}<\/script>\n<!-- \/ Yoast SEO plugin. -->","yoast_head_json":{"title":"Possibilit\u00e9s de carri\u00e8res - CaRMS","robots":{"index":"index","follow":"follow","max-snippet":"max-snippet:-1","max-image-preview":"max-image-preview:large","max-video-preview":"max-video-preview:-1"},"canonical":"https:\/\/www.carms.ca\/fr\/a-propos-de\/possibilites-de-carrieres\/","og_locale":"fr_FR","og_type":"article","og_title":"Possibilit\u00e9s de carri\u00e8res - CaRMS","og_description":"[mk_page_section layout_structure=\u00a0\u00bbhalf_left\u00a0\u00bb bg_image=\u00a0\u00bbhttp:\/\/carms.thedev.ca\/wp-content\/uploads\/2018\/04\/careers-header.jpg\u00a0\u00bb bg_color=\u00a0\u00bb#f2f6f9&Prime; padding_top=\u00a0\u00bb50&Prime; padding_bottom=\u00a0\u00bb50&Prime; el_class=\u00a0\u00bblayout-half-image\u00a0\u00bb][vc_column][vc_column_text css=\u00a0\u00bb.vc_custom_1686143732241{margin-top: 50px !important;margin-bottom: 50px !important;}\u00a0\u00bb] L\u2019\u00e9quipe de CaRMS CaRMs joue un r\u00f4le essentiel dans le syst\u00e8me de l\u2019enseignement m\u00e9dical au Canada. Un organisme \u00e0 but non lucratif, nous avons \u00e9t\u00e9 cr\u00e9\u00e9s en 1970 afin de rendre plus transparent et objectif le processus de candidature et de jumelage pour [&hellip;]","og_url":"https:\/\/www.carms.ca\/fr\/a-propos-de\/possibilites-de-carrieres\/","og_site_name":"CaRMS","article_modified_time":"2023-06-07T13:15:33+00:00","twitter_card":"summary_large_image","twitter_misc":{"Dur\u00e9e de lecture estim\u00e9e":"3 minutes"},"schema":{"@context":"https:\/\/schema.org","@graph":[{"@type":"WebPage","@id":"https:\/\/www.carms.ca\/fr\/a-propos-de\/possibilites-de-carrieres\/","url":"https:\/\/www.carms.ca\/fr\/a-propos-de\/possibilites-de-carrieres\/","name":"Possibilit\u00e9s de carri\u00e8res - CaRMS","isPartOf":{"@id":"https:\/\/www.carms.ca\/#website"},"datePublished":"2018-05-17T15:20:27+00:00","dateModified":"2023-06-07T13:15:33+00:00","breadcrumb":{"@id":"https:\/\/www.carms.ca\/fr\/a-propos-de\/possibilites-de-carrieres\/#breadcrumb"},"inLanguage":"fr-FR","potentialAction":[{"@type":"ReadAction","target":["https:\/\/www.carms.ca\/fr\/a-propos-de\/possibilites-de-carrieres\/"]}]},{"@type":"BreadcrumbList","@id":"https:\/\/www.carms.ca\/fr\/a-propos-de\/possibilites-de-carrieres\/#breadcrumb","itemListElement":[{"@type":"ListItem","position":1,"name":"Accueil","item":"https:\/\/www.carms.ca\/fr\/accueil-2\/"},{"@type":"ListItem","position":2,"name":"\u00c0 propos de","item":"https:\/\/www.carms.ca\/fr\/a-propos-de\/"},{"@type":"ListItem","position":3,"name":"Possibilit\u00e9s de carri\u00e8res"}]},{"@type":"WebSite","@id":"https:\/\/www.carms.ca\/#website","url":"https:\/\/www.carms.ca\/","name":"CaRMS","description":"","potentialAction":[{"@type":"SearchAction","target":{"@type":"EntryPoint","urlTemplate":"https:\/\/www.carms.ca\/?s={search_term_string}"},"query-input":{"@type":"PropertyValueSpecification","valueRequired":true,"valueName":"search_term_string"}}],"inLanguage":"fr-FR"}]}},"publishpress_future_workflow_manual_trigger":{"enabledWorkflows":[]},"_links":{"self":[{"href":"https:\/\/www.carms.ca\/fr\/wp-json\/wp\/v2\/pages\/2907","targetHints":{"allow":["GET"]}}],"collection":[{"href":"https:\/\/www.carms.ca\/fr\/wp-json\/wp\/v2\/pages"}],"about":[{"href":"https:\/\/www.carms.ca\/fr\/wp-json\/wp\/v2\/types\/page"}],"author":[{"embeddable":true,"href":"https:\/\/www.carms.ca\/fr\/wp-json\/wp\/v2\/users\/7"}],"replies":[{"embeddable":true,"href":"https:\/\/www.carms.ca\/fr\/wp-json\/wp\/v2\/comments?post=2907"}],"version-history":[{"count":5,"href":"https:\/\/www.carms.ca\/fr\/wp-json\/wp\/v2\/pages\/2907\/revisions"}],"predecessor-version":[{"id":37760,"href":"https:\/\/www.carms.ca\/fr\/wp-json\/wp\/v2\/pages\/2907\/revisions\/37760"}],"up":[{"embeddable":true,"href":"https:\/\/www.carms.ca\/fr\/wp-json\/wp\/v2\/pages\/1055"}],"wp:attachment":[{"href":"https:\/\/www.carms.ca\/fr\/wp-json\/wp\/v2\/media?parent=2907"}],"curies":[{"name":"wp","href":"https:\/\/api.w.org\/{rel}","templated":true}]}}