{"id":47662,"date":"2025-06-19T14:24:40","date_gmt":"2025-06-19T18:24:40","guid":{"rendered":"https:\/\/www.carms.ca\/?page_id=47662"},"modified":"2025-06-19T14:24:40","modified_gmt":"2025-06-19T18:24:40","slug":"docteur-ryan-giroux","status":"publish","type":"page","link":"https:\/\/www.carms.ca\/fr\/a-propos-de\/gouvernance-et-comites\/gouvernance\/docteur-ryan-giroux\/","title":{"rendered":"Docteur Ryan Giroux"},"content":{"rendered":"<div class=\"wpb-content-wrapper\">[vc_row][vc_column][vc_column_text css=\u00a0\u00bb.vc_custom_1750357477379{margin-bottom: 0px !important;}\u00a0\u00bb]Le docteur Ryan Giroux a \u00e9t\u00e9 nomm\u00e9 par l\u2019Association de m\u00e9decins indig\u00e8nes du Canada (AMIC) comme directeur par mandat sp\u00e9cial (perspective autochtone) au sein du conseil d\u2019administration de CaRMS.<\/p>\n<p>Ryan est un membre fier de la nation m\u00e9tisse de l\u2019Alberta. Sa famille paternelle est m\u00e9tisse et a des racines \u00e0 Fort Chipweyan en Alberta et il est d\u2019acescence mixte europ\u00e9enne du c\u00f4t\u00e9 maternel. Il a grandi sur les terres vis\u00e9es par les trait\u00e9s\u00a06 et 8 \u00e0 Athabasca en Alberta et vit maintenant \u00e0 Toronto o\u00f9 il travaille comme p\u00e9diatre g\u00e9n\u00e9raliste. Il travaille principalement avec les familles autochtones en milieu urbain et les familles de r\u00e9fugi\u00e9s\/nouveaux arrivants \u00e0 l\u2019H\u00f4pital St. Michael\u2019s et <em>Inner City Health Associates.<\/em><\/p>\n<p>Ryan est un membre du corps professoral autochtone, Coll\u00e8ge\u00a0royal des m\u00e9decins et chirurgiens du Canada; il est \u00e9galement le responsable du cadre des \u00e9tudes postdoctorales en sant\u00e9 autochtone \u00e0 la facult\u00e9 de m\u00e9decine Temerty et occupe le poste de copr\u00e9sident du Comit\u00e9 de la sant\u00e9 des Premi\u00e8res Nations, des Inuits et des M\u00e9tis de la Soci\u00e9t\u00e9 canadienne de p\u00e9diatrie.[\/vc_column_text][\/vc_column][\/vc_row]\n<\/div>","protected":false},"excerpt":{"rendered":"<p>[vc_row][vc_column][vc_column_text css=\u00a0\u00bb.vc_custom_1750357477379{margin-bottom: 0px !important;}\u00a0\u00bb]Le docteur Ryan Giroux a \u00e9t\u00e9 nomm\u00e9 par l\u2019Association de m\u00e9decins indig\u00e8nes du Canada (AMIC) comme directeur par mandat sp\u00e9cial (perspective autochtone) au sein du conseil d\u2019administration de CaRMS. Ryan est un membre fier de la nation m\u00e9tisse de l\u2019Alberta. Sa famille paternelle est m\u00e9tisse et a des racines \u00e0 Fort Chipweyan [&hellip;]<\/p>\n","protected":false},"author":40,"featured_media":0,"parent":1053,"menu_order":0,"comment_status":"closed","ping_status":"closed","template":"","meta":{"_acf_changed":false,"footnotes":""},"class_list":["post-47662","page","type-page","status-publish","hentry"],"acf":{"subtitle":"<p>Directeur par mandat sp\u00e9cial<br \/>\nProfesseur adjoint, d\u00e9partement de p\u00e9diatrie et chef de sant\u00e9 autochtone, \u00e9tudes postdoctorales<br \/>\nFacult\u00e9 de m\u00e9decine Temerty, <em>University of Toronto<br \/>\n<\/em>Membre du corps professoral autochtone, Coll\u00e8ge\u00a0royal des m\u00e9decins et chirurgiens du Canada<\/p>\n"},"yoast_head":"<!-- This site is optimized with the Yoast SEO plugin v27.3 - https:\/\/yoast.com\/product\/yoast-seo-wordpress\/ -->\n<title>Docteur Ryan Giroux - CaRMS<\/title>\n<meta name=\"robots\" content=\"index, follow, max-snippet:-1, max-image-preview:large, max-video-preview:-1\" \/>\n<link rel=\"canonical\" href=\"https:\/\/www.carms.ca\/fr\/a-propos-de\/gouvernance-et-comites\/gouvernance\/docteur-ryan-giroux\/\" \/>\n<meta property=\"og:locale\" content=\"fr_FR\" \/>\n<meta property=\"og:type\" content=\"article\" \/>\n<meta property=\"og:title\" content=\"Docteur Ryan Giroux - CaRMS\" \/>\n<meta property=\"og:description\" content=\"[vc_row][vc_column][vc_column_text css=\u00a0\u00bb.vc_custom_1750357477379{margin-bottom: 0px !important;}\u00a0\u00bb]Le docteur Ryan Giroux a \u00e9t\u00e9 nomm\u00e9 par l\u2019Association de m\u00e9decins indig\u00e8nes du Canada (AMIC) comme directeur par mandat sp\u00e9cial (perspective autochtone) au sein du conseil d\u2019administration de CaRMS. Ryan est un membre fier de la nation m\u00e9tisse de l\u2019Alberta. Sa famille paternelle est m\u00e9tisse et a des racines \u00e0 Fort Chipweyan [&hellip;]\" \/>\n<meta property=\"og:url\" content=\"https:\/\/www.carms.ca\/fr\/a-propos-de\/gouvernance-et-comites\/gouvernance\/docteur-ryan-giroux\/\" \/>\n<meta property=\"og:site_name\" content=\"CaRMS\" \/>\n<meta name=\"twitter:card\" content=\"summary_large_image\" \/>\n<meta name=\"twitter:label1\" content=\"Dur\u00e9e de lecture estim\u00e9e\" \/>\n\t<meta name=\"twitter:data1\" content=\"2 minutes\" \/>\n<script type=\"application\/ld+json\" class=\"yoast-schema-graph\">{\"@context\":\"https:\\\/\\\/schema.org\",\"@graph\":[{\"@type\":\"WebPage\",\"@id\":\"https:\\\/\\\/www.carms.ca\\\/fr\\\/a-propos-de\\\/gouvernance-et-comites\\\/gouvernance\\\/docteur-ryan-giroux\\\/\",\"url\":\"https:\\\/\\\/www.carms.ca\\\/fr\\\/a-propos-de\\\/gouvernance-et-comites\\\/gouvernance\\\/docteur-ryan-giroux\\\/\",\"name\":\"Docteur Ryan Giroux - CaRMS\",\"isPartOf\":{\"@id\":\"https:\\\/\\\/www.carms.ca\\\/#website\"},\"datePublished\":\"2025-06-19T18:24:40+00:00\",\"breadcrumb\":{\"@id\":\"https:\\\/\\\/www.carms.ca\\\/fr\\\/a-propos-de\\\/gouvernance-et-comites\\\/gouvernance\\\/docteur-ryan-giroux\\\/#breadcrumb\"},\"inLanguage\":\"fr-FR\",\"potentialAction\":[{\"@type\":\"ReadAction\",\"target\":[\"https:\\\/\\\/www.carms.ca\\\/fr\\\/a-propos-de\\\/gouvernance-et-comites\\\/gouvernance\\\/docteur-ryan-giroux\\\/\"]}]},{\"@type\":\"BreadcrumbList\",\"@id\":\"https:\\\/\\\/www.carms.ca\\\/fr\\\/a-propos-de\\\/gouvernance-et-comites\\\/gouvernance\\\/docteur-ryan-giroux\\\/#breadcrumb\",\"itemListElement\":[{\"@type\":\"ListItem\",\"position\":1,\"name\":\"Accueil\",\"item\":\"https:\\\/\\\/www.carms.ca\\\/fr\\\/accueil-2\\\/\"},{\"@type\":\"ListItem\",\"position\":2,\"name\":\"\u00c0 propos de\",\"item\":\"https:\\\/\\\/www.carms.ca\\\/fr\\\/a-propos-de\\\/\"},{\"@type\":\"ListItem\",\"position\":3,\"name\":\"Gouvernance et comit\u00e9s\",\"item\":\"https:\\\/\\\/www.carms.ca\\\/fr\\\/a-propos-de\\\/gouvernance-et-comites\\\/\"},{\"@type\":\"ListItem\",\"position\":4,\"name\":\"Gouvernance\",\"item\":\"https:\\\/\\\/www.carms.ca\\\/fr\\\/a-propos-de\\\/gouvernance-et-comites\\\/gouvernance\\\/\"},{\"@type\":\"ListItem\",\"position\":5,\"name\":\"Docteur Ryan Giroux\"}]},{\"@type\":\"WebSite\",\"@id\":\"https:\\\/\\\/www.carms.ca\\\/#website\",\"url\":\"https:\\\/\\\/www.carms.ca\\\/\",\"name\":\"CaRMS\",\"description\":\"\",\"potentialAction\":[{\"@type\":\"SearchAction\",\"target\":{\"@type\":\"EntryPoint\",\"urlTemplate\":\"https:\\\/\\\/www.carms.ca\\\/?s={search_term_string}\"},\"query-input\":{\"@type\":\"PropertyValueSpecification\",\"valueRequired\":true,\"valueName\":\"search_term_string\"}}],\"inLanguage\":\"fr-FR\"}]}<\/script>\n<!-- \/ Yoast SEO plugin. -->","yoast_head_json":{"title":"Docteur Ryan Giroux - CaRMS","robots":{"index":"index","follow":"follow","max-snippet":"max-snippet:-1","max-image-preview":"max-image-preview:large","max-video-preview":"max-video-preview:-1"},"canonical":"https:\/\/www.carms.ca\/fr\/a-propos-de\/gouvernance-et-comites\/gouvernance\/docteur-ryan-giroux\/","og_locale":"fr_FR","og_type":"article","og_title":"Docteur Ryan Giroux - CaRMS","og_description":"[vc_row][vc_column][vc_column_text css=\u00a0\u00bb.vc_custom_1750357477379{margin-bottom: 0px !important;}\u00a0\u00bb]Le docteur Ryan Giroux a \u00e9t\u00e9 nomm\u00e9 par l\u2019Association de m\u00e9decins indig\u00e8nes du Canada (AMIC) comme directeur par mandat sp\u00e9cial (perspective autochtone) au sein du conseil d\u2019administration de CaRMS. Ryan est un membre fier de la nation m\u00e9tisse de l\u2019Alberta. Sa famille paternelle est m\u00e9tisse et a des racines \u00e0 Fort Chipweyan [&hellip;]","og_url":"https:\/\/www.carms.ca\/fr\/a-propos-de\/gouvernance-et-comites\/gouvernance\/docteur-ryan-giroux\/","og_site_name":"CaRMS","twitter_card":"summary_large_image","twitter_misc":{"Dur\u00e9e de lecture estim\u00e9e":"2 minutes"},"schema":{"@context":"https:\/\/schema.org","@graph":[{"@type":"WebPage","@id":"https:\/\/www.carms.ca\/fr\/a-propos-de\/gouvernance-et-comites\/gouvernance\/docteur-ryan-giroux\/","url":"https:\/\/www.carms.ca\/fr\/a-propos-de\/gouvernance-et-comites\/gouvernance\/docteur-ryan-giroux\/","name":"Docteur Ryan Giroux - CaRMS","isPartOf":{"@id":"https:\/\/www.carms.ca\/#website"},"datePublished":"2025-06-19T18:24:40+00:00","breadcrumb":{"@id":"https:\/\/www.carms.ca\/fr\/a-propos-de\/gouvernance-et-comites\/gouvernance\/docteur-ryan-giroux\/#breadcrumb"},"inLanguage":"fr-FR","potentialAction":[{"@type":"ReadAction","target":["https:\/\/www.carms.ca\/fr\/a-propos-de\/gouvernance-et-comites\/gouvernance\/docteur-ryan-giroux\/"]}]},{"@type":"BreadcrumbList","@id":"https:\/\/www.carms.ca\/fr\/a-propos-de\/gouvernance-et-comites\/gouvernance\/docteur-ryan-giroux\/#breadcrumb","itemListElement":[{"@type":"ListItem","position":1,"name":"Accueil","item":"https:\/\/www.carms.ca\/fr\/accueil-2\/"},{"@type":"ListItem","position":2,"name":"\u00c0 propos de","item":"https:\/\/www.carms.ca\/fr\/a-propos-de\/"},{"@type":"ListItem","position":3,"name":"Gouvernance et comit\u00e9s","item":"https:\/\/www.carms.ca\/fr\/a-propos-de\/gouvernance-et-comites\/"},{"@type":"ListItem","position":4,"name":"Gouvernance","item":"https:\/\/www.carms.ca\/fr\/a-propos-de\/gouvernance-et-comites\/gouvernance\/"},{"@type":"ListItem","position":5,"name":"Docteur Ryan Giroux"}]},{"@type":"WebSite","@id":"https:\/\/www.carms.ca\/#website","url":"https:\/\/www.carms.ca\/","name":"CaRMS","description":"","potentialAction":[{"@type":"SearchAction","target":{"@type":"EntryPoint","urlTemplate":"https:\/\/www.carms.ca\/?s={search_term_string}"},"query-input":{"@type":"PropertyValueSpecification","valueRequired":true,"valueName":"search_term_string"}}],"inLanguage":"fr-FR"}]}},"publishpress_future_workflow_manual_trigger":{"enabledWorkflows":[]},"_links":{"self":[{"href":"https:\/\/www.carms.ca\/fr\/wp-json\/wp\/v2\/pages\/47662","targetHints":{"allow":["GET"]}}],"collection":[{"href":"https:\/\/www.carms.ca\/fr\/wp-json\/wp\/v2\/pages"}],"about":[{"href":"https:\/\/www.carms.ca\/fr\/wp-json\/wp\/v2\/types\/page"}],"author":[{"embeddable":true,"href":"https:\/\/www.carms.ca\/fr\/wp-json\/wp\/v2\/users\/40"}],"replies":[{"embeddable":true,"href":"https:\/\/www.carms.ca\/fr\/wp-json\/wp\/v2\/comments?post=47662"}],"version-history":[{"count":1,"href":"https:\/\/www.carms.ca\/fr\/wp-json\/wp\/v2\/pages\/47662\/revisions"}],"predecessor-version":[{"id":47664,"href":"https:\/\/www.carms.ca\/fr\/wp-json\/wp\/v2\/pages\/47662\/revisions\/47664"}],"up":[{"embeddable":true,"href":"https:\/\/www.carms.ca\/fr\/wp-json\/wp\/v2\/pages\/1053"}],"wp:attachment":[{"href":"https:\/\/www.carms.ca\/fr\/wp-json\/wp\/v2\/media?parent=47662"}],"curies":[{"name":"wp","href":"https:\/\/api.w.org\/{rel}","templated":true}]}}