{"id":51530,"date":"2026-01-29T16:06:59","date_gmt":"2026-01-29T21:06:59","guid":{"rendered":"https:\/\/www.carms.ca\/?page_id=51530"},"modified":"2026-01-29T16:08:00","modified_gmt":"2026-01-29T21:08:00","slug":"docteur-rami-habib","status":"publish","type":"page","link":"https:\/\/www.carms.ca\/fr\/a-propos-de\/gouvernance-et-comites\/gouvernance\/docteur-rami-habib\/","title":{"rendered":"Docteur Rami Habib"},"content":{"rendered":"<div class=\"wpb-content-wrapper\">[vc_row][vc_column][vc_column_text margin_bottom=\u00a0\u00bb0&Prime; css=\u00a0\u00bb.vc_custom_1769720877955{margin-bottom: 0px !important;}\u00a0\u00bb]<strong>Le docteur Rami Habib<\/strong> a \u00e9t\u00e9 choisi par la F\u00e9d\u00e9ration des m\u00e9decins r\u00e9sident(es) du Qu\u00e9bec (FMRQ) pour remplacer le docteur Heithem Joober en tant que directeur nomm\u00e9 par la FMRQ au sein du conseil d\u2019administration de CaRMS.<\/p>\n<p>Le docteur Habib est un r\u00e9sident de quatri\u00e8me ann\u00e9e en oncologie m\u00e9dicale \u00e0 l\u2019Universit\u00e9 McGill, o\u00f9 il a \u00e9galement obtenu son dipl\u00f4me en m\u00e9decine. Il est le pr\u00e9sident de l\u2019Association des r\u00e9sidents de McGill (ARM) et si\u00e8ge actuellement au conseil d\u2019administration de la FMRQ. En 2024-2025, il a occup\u00e9 le poste de vice-pr\u00e9sident aux affaires p\u00e9dagogiques \u2014 Sp\u00e9cialit\u00e9s, repr\u00e9sentant l\u2019Association des r\u00e9sidents de McGill (ARM) au sein du CAP-S de la FMRQ, en plus d\u2019assumer les fonctions d\u2019assistant r\u00e9sident-coordonnateur. Avant sa r\u00e9sidence, il a si\u00e9g\u00e9 \u00e0 titre de pr\u00e9sident ex\u00e9cutif de l\u2019Association des \u00e9tudiants en m\u00e9decine de l\u2019Universit\u00e9 McGill en 2019-2020, puis comme pr\u00e9sident sortant en 2020-2021.<\/p>\n<p>Le Dr Habib s\u2019int\u00e9resse \u00e0 la recherche et a contribu\u00e9 jusqu\u2019\u00e0 pr\u00e9sent \u00e0 trois articles scientifiques, dont l\u2019un a r\u00e9cemment \u00e9t\u00e9 pr\u00e9sent\u00e9 \u00e0 l\u2019<em>American Society of Clinical Oncology<\/em>. Il s\u2019est impliqu\u00e9 \u00e0 titre de mentor aupr\u00e8s de ses coll\u00e8gues \u00e9tudiants et \u00e9tudiantes en m\u00e9decine de septembre 2021 \u00e0 juillet 2024. Rami parle le fran\u00e7ais, l\u2019anglais, l\u2019arabe et l\u2019espagnol.[\/vc_column_text][\/vc_column][\/vc_row]\n<\/div>","protected":false},"excerpt":{"rendered":"<p>[vc_row][vc_column][vc_column_text margin_bottom=\u00a0\u00bb0&Prime; css=\u00a0\u00bb.vc_custom_1769720877955{margin-bottom: 0px !important;}\u00a0\u00bb]Le docteur Rami Habib a \u00e9t\u00e9 choisi par la F\u00e9d\u00e9ration des m\u00e9decins r\u00e9sident(es) du Qu\u00e9bec (FMRQ) pour remplacer le docteur Heithem Joober en tant que directeur nomm\u00e9 par la FMRQ au sein du conseil d\u2019administration de CaRMS. Le docteur Habib est un r\u00e9sident de quatri\u00e8me ann\u00e9e en oncologie m\u00e9dicale \u00e0 l\u2019Universit\u00e9 [&hellip;]<\/p>\n","protected":false},"author":40,"featured_media":0,"parent":1053,"menu_order":0,"comment_status":"closed","ping_status":"closed","template":"","meta":{"_acf_changed":false,"footnotes":""},"class_list":["post-51530","page","type-page","status-publish","hentry"],"acf":{"subtitle":"<p>Directeur<br \/>\nR\u00e9sident en m\u00e9decine, oncologie m\u00e9dicale<br \/>\nUniversit\u00e9 McGill<\/p>\n"},"yoast_head":"<!-- This site is optimized with the Yoast SEO plugin v27.3 - https:\/\/yoast.com\/product\/yoast-seo-wordpress\/ -->\n<title>Docteur Rami Habib - CaRMS<\/title>\n<meta name=\"robots\" content=\"index, follow, max-snippet:-1, max-image-preview:large, max-video-preview:-1\" \/>\n<link rel=\"canonical\" href=\"https:\/\/www.carms.ca\/fr\/a-propos-de\/gouvernance-et-comites\/gouvernance\/docteur-rami-habib\/\" \/>\n<meta property=\"og:locale\" content=\"fr_FR\" \/>\n<meta property=\"og:type\" content=\"article\" \/>\n<meta property=\"og:title\" content=\"Docteur Rami Habib - CaRMS\" \/>\n<meta property=\"og:description\" content=\"[vc_row][vc_column][vc_column_text margin_bottom=\u00a0\u00bb0&Prime; css=\u00a0\u00bb.vc_custom_1769720877955{margin-bottom: 0px !important;}\u00a0\u00bb]Le docteur Rami Habib a \u00e9t\u00e9 choisi par la F\u00e9d\u00e9ration des m\u00e9decins r\u00e9sident(es) du Qu\u00e9bec (FMRQ) pour remplacer le docteur Heithem Joober en tant que directeur nomm\u00e9 par la FMRQ au sein du conseil d\u2019administration de CaRMS. Le docteur Habib est un r\u00e9sident de quatri\u00e8me ann\u00e9e en oncologie m\u00e9dicale \u00e0 l\u2019Universit\u00e9 [&hellip;]\" \/>\n<meta property=\"og:url\" content=\"https:\/\/www.carms.ca\/fr\/a-propos-de\/gouvernance-et-comites\/gouvernance\/docteur-rami-habib\/\" \/>\n<meta property=\"og:site_name\" content=\"CaRMS\" \/>\n<meta property=\"article:modified_time\" content=\"2026-01-29T21:08:00+00:00\" \/>\n<meta name=\"twitter:card\" content=\"summary_large_image\" \/>\n<meta name=\"twitter:label1\" content=\"Dur\u00e9e de lecture estim\u00e9e\" \/>\n\t<meta name=\"twitter:data1\" content=\"1 minute\" \/>\n<script type=\"application\/ld+json\" class=\"yoast-schema-graph\">{\"@context\":\"https:\\\/\\\/schema.org\",\"@graph\":[{\"@type\":\"WebPage\",\"@id\":\"https:\\\/\\\/www.carms.ca\\\/fr\\\/a-propos-de\\\/gouvernance-et-comites\\\/gouvernance\\\/docteur-rami-habib\\\/\",\"url\":\"https:\\\/\\\/www.carms.ca\\\/fr\\\/a-propos-de\\\/gouvernance-et-comites\\\/gouvernance\\\/docteur-rami-habib\\\/\",\"name\":\"Docteur Rami Habib - CaRMS\",\"isPartOf\":{\"@id\":\"https:\\\/\\\/www.carms.ca\\\/#website\"},\"datePublished\":\"2026-01-29T21:06:59+00:00\",\"dateModified\":\"2026-01-29T21:08:00+00:00\",\"breadcrumb\":{\"@id\":\"https:\\\/\\\/www.carms.ca\\\/fr\\\/a-propos-de\\\/gouvernance-et-comites\\\/gouvernance\\\/docteur-rami-habib\\\/#breadcrumb\"},\"inLanguage\":\"fr-FR\",\"potentialAction\":[{\"@type\":\"ReadAction\",\"target\":[\"https:\\\/\\\/www.carms.ca\\\/fr\\\/a-propos-de\\\/gouvernance-et-comites\\\/gouvernance\\\/docteur-rami-habib\\\/\"]}]},{\"@type\":\"BreadcrumbList\",\"@id\":\"https:\\\/\\\/www.carms.ca\\\/fr\\\/a-propos-de\\\/gouvernance-et-comites\\\/gouvernance\\\/docteur-rami-habib\\\/#breadcrumb\",\"itemListElement\":[{\"@type\":\"ListItem\",\"position\":1,\"name\":\"Accueil\",\"item\":\"https:\\\/\\\/www.carms.ca\\\/fr\\\/accueil-2\\\/\"},{\"@type\":\"ListItem\",\"position\":2,\"name\":\"\u00c0 propos de\",\"item\":\"https:\\\/\\\/www.carms.ca\\\/fr\\\/a-propos-de\\\/\"},{\"@type\":\"ListItem\",\"position\":3,\"name\":\"Gouvernance et comit\u00e9s\",\"item\":\"https:\\\/\\\/www.carms.ca\\\/fr\\\/a-propos-de\\\/gouvernance-et-comites\\\/\"},{\"@type\":\"ListItem\",\"position\":4,\"name\":\"Gouvernance\",\"item\":\"https:\\\/\\\/www.carms.ca\\\/fr\\\/a-propos-de\\\/gouvernance-et-comites\\\/gouvernance\\\/\"},{\"@type\":\"ListItem\",\"position\":5,\"name\":\"Docteur Rami Habib\"}]},{\"@type\":\"WebSite\",\"@id\":\"https:\\\/\\\/www.carms.ca\\\/#website\",\"url\":\"https:\\\/\\\/www.carms.ca\\\/\",\"name\":\"CaRMS\",\"description\":\"\",\"potentialAction\":[{\"@type\":\"SearchAction\",\"target\":{\"@type\":\"EntryPoint\",\"urlTemplate\":\"https:\\\/\\\/www.carms.ca\\\/?s={search_term_string}\"},\"query-input\":{\"@type\":\"PropertyValueSpecification\",\"valueRequired\":true,\"valueName\":\"search_term_string\"}}],\"inLanguage\":\"fr-FR\"}]}<\/script>\n<!-- \/ Yoast SEO plugin. -->","yoast_head_json":{"title":"Docteur Rami Habib - CaRMS","robots":{"index":"index","follow":"follow","max-snippet":"max-snippet:-1","max-image-preview":"max-image-preview:large","max-video-preview":"max-video-preview:-1"},"canonical":"https:\/\/www.carms.ca\/fr\/a-propos-de\/gouvernance-et-comites\/gouvernance\/docteur-rami-habib\/","og_locale":"fr_FR","og_type":"article","og_title":"Docteur Rami Habib - CaRMS","og_description":"[vc_row][vc_column][vc_column_text margin_bottom=\u00a0\u00bb0&Prime; css=\u00a0\u00bb.vc_custom_1769720877955{margin-bottom: 0px !important;}\u00a0\u00bb]Le docteur Rami Habib a \u00e9t\u00e9 choisi par la F\u00e9d\u00e9ration des m\u00e9decins r\u00e9sident(es) du Qu\u00e9bec (FMRQ) pour remplacer le docteur Heithem Joober en tant que directeur nomm\u00e9 par la FMRQ au sein du conseil d\u2019administration de CaRMS. Le docteur Habib est un r\u00e9sident de quatri\u00e8me ann\u00e9e en oncologie m\u00e9dicale \u00e0 l\u2019Universit\u00e9 [&hellip;]","og_url":"https:\/\/www.carms.ca\/fr\/a-propos-de\/gouvernance-et-comites\/gouvernance\/docteur-rami-habib\/","og_site_name":"CaRMS","article_modified_time":"2026-01-29T21:08:00+00:00","twitter_card":"summary_large_image","twitter_misc":{"Dur\u00e9e de lecture estim\u00e9e":"1 minute"},"schema":{"@context":"https:\/\/schema.org","@graph":[{"@type":"WebPage","@id":"https:\/\/www.carms.ca\/fr\/a-propos-de\/gouvernance-et-comites\/gouvernance\/docteur-rami-habib\/","url":"https:\/\/www.carms.ca\/fr\/a-propos-de\/gouvernance-et-comites\/gouvernance\/docteur-rami-habib\/","name":"Docteur Rami Habib - CaRMS","isPartOf":{"@id":"https:\/\/www.carms.ca\/#website"},"datePublished":"2026-01-29T21:06:59+00:00","dateModified":"2026-01-29T21:08:00+00:00","breadcrumb":{"@id":"https:\/\/www.carms.ca\/fr\/a-propos-de\/gouvernance-et-comites\/gouvernance\/docteur-rami-habib\/#breadcrumb"},"inLanguage":"fr-FR","potentialAction":[{"@type":"ReadAction","target":["https:\/\/www.carms.ca\/fr\/a-propos-de\/gouvernance-et-comites\/gouvernance\/docteur-rami-habib\/"]}]},{"@type":"BreadcrumbList","@id":"https:\/\/www.carms.ca\/fr\/a-propos-de\/gouvernance-et-comites\/gouvernance\/docteur-rami-habib\/#breadcrumb","itemListElement":[{"@type":"ListItem","position":1,"name":"Accueil","item":"https:\/\/www.carms.ca\/fr\/accueil-2\/"},{"@type":"ListItem","position":2,"name":"\u00c0 propos de","item":"https:\/\/www.carms.ca\/fr\/a-propos-de\/"},{"@type":"ListItem","position":3,"name":"Gouvernance et comit\u00e9s","item":"https:\/\/www.carms.ca\/fr\/a-propos-de\/gouvernance-et-comites\/"},{"@type":"ListItem","position":4,"name":"Gouvernance","item":"https:\/\/www.carms.ca\/fr\/a-propos-de\/gouvernance-et-comites\/gouvernance\/"},{"@type":"ListItem","position":5,"name":"Docteur Rami Habib"}]},{"@type":"WebSite","@id":"https:\/\/www.carms.ca\/#website","url":"https:\/\/www.carms.ca\/","name":"CaRMS","description":"","potentialAction":[{"@type":"SearchAction","target":{"@type":"EntryPoint","urlTemplate":"https:\/\/www.carms.ca\/?s={search_term_string}"},"query-input":{"@type":"PropertyValueSpecification","valueRequired":true,"valueName":"search_term_string"}}],"inLanguage":"fr-FR"}]}},"publishpress_future_workflow_manual_trigger":{"enabledWorkflows":[]},"_links":{"self":[{"href":"https:\/\/www.carms.ca\/fr\/wp-json\/wp\/v2\/pages\/51530","targetHints":{"allow":["GET"]}}],"collection":[{"href":"https:\/\/www.carms.ca\/fr\/wp-json\/wp\/v2\/pages"}],"about":[{"href":"https:\/\/www.carms.ca\/fr\/wp-json\/wp\/v2\/types\/page"}],"author":[{"embeddable":true,"href":"https:\/\/www.carms.ca\/fr\/wp-json\/wp\/v2\/users\/40"}],"replies":[{"embeddable":true,"href":"https:\/\/www.carms.ca\/fr\/wp-json\/wp\/v2\/comments?post=51530"}],"version-history":[{"count":2,"href":"https:\/\/www.carms.ca\/fr\/wp-json\/wp\/v2\/pages\/51530\/revisions"}],"predecessor-version":[{"id":51539,"href":"https:\/\/www.carms.ca\/fr\/wp-json\/wp\/v2\/pages\/51530\/revisions\/51539"}],"up":[{"embeddable":true,"href":"https:\/\/www.carms.ca\/fr\/wp-json\/wp\/v2\/pages\/1053"}],"wp:attachment":[{"href":"https:\/\/www.carms.ca\/fr\/wp-json\/wp\/v2\/media?parent=51530"}],"curies":[{"name":"wp","href":"https:\/\/api.w.org\/{rel}","templated":true}]}}